{"id":8065,"date":"2023-03-01T13:03:17","date_gmt":"2023-03-01T13:03:17","guid":{"rendered":"https:\/\/raicespr.com\/?page_id=8065"},"modified":"2023-03-01T13:15:09","modified_gmt":"2023-03-01T13:15:09","slug":"podcasts","status":"publish","type":"page","link":"https:\/\/raicespr.com\/en\/podcasts\/","title":{"rendered":"Podcasts"},"content":{"rendered":"<hr class=\"wp-block-separator has-alpha-channel-opacity\"\/>\n\n\n\n<div class=\"wp-block-media-text alignwide is-stacked-on-mobile\"><figure class=\"wp-block-media-text__media\"><img loading=\"lazy\" decoding=\"async\" width=\"580\" height=\"612\" src=\"https:\/\/raicespr.com\/wp-content\/uploads\/2023\/03\/Podcast-2.jpg\" alt=\"\" class=\"wp-image-8066 size-full\" srcset=\"https:\/\/raicespr.com\/wp-content\/uploads\/2023\/03\/Podcast-2.jpg 580w, https:\/\/raicespr.com\/wp-content\/uploads\/2023\/03\/Podcast-2-400x422.jpg 400w, https:\/\/raicespr.com\/wp-content\/uploads\/2023\/03\/Podcast-2-367x387.jpg 367w\" sizes=\"auto, (max-width: 580px) 100vw, 580px\" \/><\/figure><div class=\"wp-block-media-text__content\">\n<h3 class=\"wp-block-heading\">Start sustainability internships <\/h3>\n\n\n\n<p class=\"wp-block-paragraph\"><\/p>\n\n\n\n<p class=\"wp-block-paragraph\">Guests: Mar\u00eda E. Ocasio Torres of Proyecto Ra\u00edces and Oscar Mel\u00e9ndez Col\u00f3n of TAIS<\/p>\n\n\n\n<p class=\"wp-block-paragraph\">Interviewer: Frances Figarella of Cooperativa CoopERA<\/p>\n\n\n\n<p class=\"wp-block-paragraph\">Podcast release date: April 11, 2022<\/p>\n\n\n\n<p class=\"wp-block-paragraph\">Source: Dialoguing with CoopERA<\/p>\n\n\n\n<p class=\"wp-block-paragraph\">Description: In this episode Maria Ocasio, Oscar Melendez and Frances Figarella discuss some practices for sustainability.<br><br>Link to podcast:<a rel=\"noreferrer noopener\" href=\"https:\/\/cooperativacoopera.libsyn.com\/comienza-prcticas-de-sostenibilidad-0\" target=\"_blank\"> https:\/\/cooperativacoopera.libsyn.com\/comienza-prcticas-de-sostenibilidad-0<\/a><\/p>\n<\/div><\/div>\n\n\n\n<hr class=\"wp-block-separator has-alpha-channel-opacity\"\/>\n\n\n\n<div class=\"wp-block-media-text alignwide is-stacked-on-mobile\"><figure class=\"wp-block-media-text__media\"><img loading=\"lazy\" decoding=\"async\" width=\"622\" height=\"614\" src=\"https:\/\/raicespr.com\/wp-content\/uploads\/2023\/03\/Podcast-1.jpg\" alt=\"\" class=\"wp-image-8067 size-full\" srcset=\"https:\/\/raicespr.com\/wp-content\/uploads\/2023\/03\/Podcast-1.jpg 622w, https:\/\/raicespr.com\/wp-content\/uploads\/2023\/03\/Podcast-1-400x395.jpg 400w, https:\/\/raicespr.com\/wp-content\/uploads\/2023\/03\/Podcast-1-367x362.jpg 367w, https:\/\/raicespr.com\/wp-content\/uploads\/2023\/03\/Podcast-1-600x592.jpg 600w\" sizes=\"auto, (max-width: 622px) 100vw, 622px\" \/><\/figure><div class=\"wp-block-media-text__content\">\n<h3 class=\"wp-block-heading\">What drives us to sustainable development? <\/h3>\n\n\n\n<p class=\"wp-block-paragraph\"><\/p>\n\n\n\n<p class=\"wp-block-paragraph\">Guest: Mar\u00eda E. Ocasio Torres<\/p>\n\n\n\n<p class=\"wp-block-paragraph\">Interviewer: Frances Figarella of Cooperativa CoopERA<\/p>\n\n\n\n<p class=\"wp-block-paragraph\">Podcast release date: February 28, 2022<\/p>\n\n\n\n<p class=\"wp-block-paragraph\">Source: Dialoguing with CoopERA<\/p>\n\n\n\n<p class=\"wp-block-paragraph\">Description: In this episode Maria Ocasio and Frances Figarella talk about sustainability, how Maria was learning about the topic and about Proyecto Ra\u00edces.<br><br>Link to podcast: <a rel=\"noreferrer noopener\" href=\"https:\/\/cooperativacoopera.libsyn.com\/qu-nos-mueve-al-desarrollo-sostenible\" target=\"_blank\">https:\/\/cooperativacoopera.libsyn.com\/qu-nos-mueve-al-desarrollo-sostenible<\/a><\/p>\n<\/div><\/div>","protected":false},"excerpt":{"rendered":"<p>Comienza pr\u00e1cticas para la sostenibilidad Invitados: Mar\u00eda E. Ocasio Torres de Proyecto Ra\u00edces y Oscar Mel\u00e9ndez Col\u00f3n de TAIS Persona que entrevista: Frances Figarella de Cooperativa CoopERA Fecha de publicaci\u00f3n del podcast: 11 de abril de 2022 Fuente: Dialogando con CoopERA Descripci\u00f3n: En este episodio Mar\u00eda Ocasio, \u00d3scar Mel\u00e9ndez y Frances Figarella conversan sobre algunas [&hellip;]<\/p>\n","protected":false},"author":2,"featured_media":0,"parent":0,"menu_order":0,"comment_status":"closed","ping_status":"closed","template":"","meta":{"_acf_changed":false,"rs_blank_template":"","rs_page_bg_color":"","slide_template_v7":"","inline_featured_image":false,"footnotes":""},"class_list":["post-8065","page","type-page","status-publish","hentry"],"acf":[],"yoast_head":"<!-- This site is optimized with the Yoast SEO plugin v28.0 - https:\/\/yoast.com\/product\/yoast-seo-wordpress\/ -->\n<title>Podcasts - Proyecto Ra\u00edces<\/title>\n<meta name=\"robots\" content=\"index, follow, max-snippet:-1, max-image-preview:large, max-video-preview:-1\" \/>\n<link rel=\"canonical\" href=\"https:\/\/raicespr.com\/en\/podcasts\/\" \/>\n<meta property=\"og:locale\" content=\"en_US\" \/>\n<meta property=\"og:type\" content=\"article\" \/>\n<meta property=\"og:title\" content=\"Podcasts - Proyecto Ra\u00edces\" \/>\n<meta property=\"og:description\" content=\"Comienza pr\u00e1cticas para la sostenibilidad Invitados: Mar\u00eda E. Ocasio Torres de Proyecto Ra\u00edces y Oscar Mel\u00e9ndez Col\u00f3n de TAIS Persona que entrevista: Frances Figarella de Cooperativa CoopERA Fecha de publicaci\u00f3n del podcast: 11 de abril de 2022 Fuente: Dialogando con CoopERA Descripci\u00f3n: En este episodio Mar\u00eda Ocasio, \u00d3scar Mel\u00e9ndez y Frances Figarella conversan sobre algunas [&hellip;]\" \/>\n<meta property=\"og:url\" content=\"https:\/\/raicespr.com\/en\/podcasts\/\" \/>\n<meta property=\"og:site_name\" content=\"Proyecto Ra\u00edces\" \/>\n<meta property=\"article:publisher\" content=\"https:\/\/www.facebook.com\/pr.raices\" \/>\n<meta property=\"article:modified_time\" content=\"2023-03-01T13:15:09+00:00\" \/>\n<meta property=\"og:image\" content=\"https:\/\/raicespr.com\/wp-content\/uploads\/2023\/03\/Podcast-2.jpg\" \/>\n<meta name=\"twitter:card\" content=\"summary_large_image\" \/>\n<meta name=\"twitter:label1\" content=\"Est. reading time\" \/>\n\t<meta name=\"twitter:data1\" content=\"1 minute\" \/>\n<script type=\"application\/ld+json\" class=\"yoast-schema-graph\">{\"@context\":\"https:\\\/\\\/schema.org\",\"@graph\":[{\"@type\":\"WebPage\",\"@id\":\"https:\\\/\\\/raicespr.com\\\/podcasts\\\/\",\"url\":\"https:\\\/\\\/raicespr.com\\\/podcasts\\\/\",\"name\":\"Podcasts - Proyecto Ra\u00edces\",\"isPartOf\":{\"@id\":\"https:\\\/\\\/raicespr.com\\\/#website\"},\"primaryImageOfPage\":{\"@id\":\"https:\\\/\\\/raicespr.com\\\/podcasts\\\/#primaryimage\"},\"image\":{\"@id\":\"https:\\\/\\\/raicespr.com\\\/podcasts\\\/#primaryimage\"},\"thumbnailUrl\":\"https:\\\/\\\/raicespr.com\\\/wp-content\\\/uploads\\\/2023\\\/03\\\/Podcast-2.jpg\",\"datePublished\":\"2023-03-01T13:03:17+00:00\",\"dateModified\":\"2023-03-01T13:15:09+00:00\",\"breadcrumb\":{\"@id\":\"https:\\\/\\\/raicespr.com\\\/podcasts\\\/#breadcrumb\"},\"inLanguage\":\"en-US\",\"potentialAction\":[{\"@type\":\"ReadAction\",\"target\":[\"https:\\\/\\\/raicespr.com\\\/podcasts\\\/\"]}]},{\"@type\":\"ImageObject\",\"inLanguage\":\"en-US\",\"@id\":\"https:\\\/\\\/raicespr.com\\\/podcasts\\\/#primaryimage\",\"url\":\"https:\\\/\\\/raicespr.com\\\/wp-content\\\/uploads\\\/2023\\\/03\\\/Podcast-2.jpg\",\"contentUrl\":\"https:\\\/\\\/raicespr.com\\\/wp-content\\\/uploads\\\/2023\\\/03\\\/Podcast-2.jpg\"},{\"@type\":\"BreadcrumbList\",\"@id\":\"https:\\\/\\\/raicespr.com\\\/podcasts\\\/#breadcrumb\",\"itemListElement\":[{\"@type\":\"ListItem\",\"position\":1,\"name\":\"Portada\",\"item\":\"https:\\\/\\\/raicespr.com\\\/\"},{\"@type\":\"ListItem\",\"position\":2,\"name\":\"Podcasts\"}]},{\"@type\":\"WebSite\",\"@id\":\"https:\\\/\\\/raicespr.com\\\/#website\",\"url\":\"https:\\\/\\\/raicespr.com\\\/\",\"name\":\"Proyecto Ra\u00edces\",\"description\":\"Tus eco-educadoras\",\"publisher\":{\"@id\":\"https:\\\/\\\/raicespr.com\\\/#organization\"},\"potentialAction\":[{\"@type\":\"SearchAction\",\"target\":{\"@type\":\"EntryPoint\",\"urlTemplate\":\"https:\\\/\\\/raicespr.com\\\/?s={search_term_string}\"},\"query-input\":{\"@type\":\"PropertyValueSpecification\",\"valueRequired\":true,\"valueName\":\"search_term_string\"}}],\"inLanguage\":\"en-US\"},{\"@type\":\"Organization\",\"@id\":\"https:\\\/\\\/raicespr.com\\\/#organization\",\"name\":\"Proyecto Ra\u00edces\",\"url\":\"https:\\\/\\\/raicespr.com\\\/\",\"logo\":{\"@type\":\"ImageObject\",\"inLanguage\":\"en-US\",\"@id\":\"https:\\\/\\\/raicespr.com\\\/#\\\/schema\\\/logo\\\/image\\\/\",\"url\":\"https:\\\/\\\/raicespr.com\\\/wp-content\\\/uploads\\\/2023\\\/03\\\/cropped-Plantula-Solita-LOGO-7_sin-circulo_20230320.png\",\"contentUrl\":\"https:\\\/\\\/raicespr.com\\\/wp-content\\\/uploads\\\/2023\\\/03\\\/cropped-Plantula-Solita-LOGO-7_sin-circulo_20230320.png\",\"width\":512,\"height\":512,\"caption\":\"Proyecto Ra\u00edces\"},\"image\":{\"@id\":\"https:\\\/\\\/raicespr.com\\\/#\\\/schema\\\/logo\\\/image\\\/\"},\"sameAs\":[\"https:\\\/\\\/www.facebook.com\\\/pr.raices\",\"https:\\\/\\\/www.instagram.com\\\/pr.raices\\\/\"]}]}<\/script>\n<!-- \/ Yoast SEO plugin. -->","yoast_head_json":{"title":"Podcasts - Proyecto Ra\u00edces","robots":{"index":"index","follow":"follow","max-snippet":"max-snippet:-1","max-image-preview":"max-image-preview:large","max-video-preview":"max-video-preview:-1"},"canonical":"https:\/\/raicespr.com\/en\/podcasts\/","og_locale":"en_US","og_type":"article","og_title":"Podcasts - Proyecto Ra\u00edces","og_description":"Comienza pr\u00e1cticas para la sostenibilidad Invitados: Mar\u00eda E. Ocasio Torres de Proyecto Ra\u00edces y Oscar Mel\u00e9ndez Col\u00f3n de TAIS Persona que entrevista: Frances Figarella de Cooperativa CoopERA Fecha de publicaci\u00f3n del podcast: 11 de abril de 2022 Fuente: Dialogando con CoopERA Descripci\u00f3n: En este episodio Mar\u00eda Ocasio, \u00d3scar Mel\u00e9ndez y Frances Figarella conversan sobre algunas [&hellip;]","og_url":"https:\/\/raicespr.com\/en\/podcasts\/","og_site_name":"Proyecto Ra\u00edces","article_publisher":"https:\/\/www.facebook.com\/pr.raices","article_modified_time":"2023-03-01T13:15:09+00:00","og_image":[{"url":"https:\/\/raicespr.com\/wp-content\/uploads\/2023\/03\/Podcast-2.jpg","type":"","width":"","height":""}],"twitter_card":"summary_large_image","twitter_misc":{"Est. reading time":"1 minute"},"schema":{"@context":"https:\/\/schema.org","@graph":[{"@type":"WebPage","@id":"https:\/\/raicespr.com\/podcasts\/","url":"https:\/\/raicespr.com\/podcasts\/","name":"Podcasts - Proyecto Ra\u00edces","isPartOf":{"@id":"https:\/\/raicespr.com\/#website"},"primaryImageOfPage":{"@id":"https:\/\/raicespr.com\/podcasts\/#primaryimage"},"image":{"@id":"https:\/\/raicespr.com\/podcasts\/#primaryimage"},"thumbnailUrl":"https:\/\/raicespr.com\/wp-content\/uploads\/2023\/03\/Podcast-2.jpg","datePublished":"2023-03-01T13:03:17+00:00","dateModified":"2023-03-01T13:15:09+00:00","breadcrumb":{"@id":"https:\/\/raicespr.com\/podcasts\/#breadcrumb"},"inLanguage":"en-US","potentialAction":[{"@type":"ReadAction","target":["https:\/\/raicespr.com\/podcasts\/"]}]},{"@type":"ImageObject","inLanguage":"en-US","@id":"https:\/\/raicespr.com\/podcasts\/#primaryimage","url":"https:\/\/raicespr.com\/wp-content\/uploads\/2023\/03\/Podcast-2.jpg","contentUrl":"https:\/\/raicespr.com\/wp-content\/uploads\/2023\/03\/Podcast-2.jpg"},{"@type":"BreadcrumbList","@id":"https:\/\/raicespr.com\/podcasts\/#breadcrumb","itemListElement":[{"@type":"ListItem","position":1,"name":"Portada","item":"https:\/\/raicespr.com\/"},{"@type":"ListItem","position":2,"name":"Podcasts"}]},{"@type":"WebSite","@id":"https:\/\/raicespr.com\/#website","url":"https:\/\/raicespr.com\/","name":"Roots Project","description":"Your eco-educators","publisher":{"@id":"https:\/\/raicespr.com\/#organization"},"potentialAction":[{"@type":"SearchAction","target":{"@type":"EntryPoint","urlTemplate":"https:\/\/raicespr.com\/?s={search_term_string}"},"query-input":{"@type":"PropertyValueSpecification","valueRequired":true,"valueName":"search_term_string"}}],"inLanguage":"en-US"},{"@type":"Organization","@id":"https:\/\/raicespr.com\/#organization","name":"Roots Project","url":"https:\/\/raicespr.com\/","logo":{"@type":"ImageObject","inLanguage":"en-US","@id":"https:\/\/raicespr.com\/#\/schema\/logo\/image\/","url":"https:\/\/raicespr.com\/wp-content\/uploads\/2023\/03\/cropped-Plantula-Solita-LOGO-7_sin-circulo_20230320.png","contentUrl":"https:\/\/raicespr.com\/wp-content\/uploads\/2023\/03\/cropped-Plantula-Solita-LOGO-7_sin-circulo_20230320.png","width":512,"height":512,"caption":"Proyecto Ra\u00edces"},"image":{"@id":"https:\/\/raicespr.com\/#\/schema\/logo\/image\/"},"sameAs":["https:\/\/www.facebook.com\/pr.raices","https:\/\/www.instagram.com\/pr.raices\/"]}]}},"_links":{"self":[{"href":"https:\/\/raicespr.com\/en\/wp-json\/wp\/v2\/pages\/8065","targetHints":{"allow":["GET"]}}],"collection":[{"href":"https:\/\/raicespr.com\/en\/wp-json\/wp\/v2\/pages"}],"about":[{"href":"https:\/\/raicespr.com\/en\/wp-json\/wp\/v2\/types\/page"}],"author":[{"embeddable":true,"href":"https:\/\/raicespr.com\/en\/wp-json\/wp\/v2\/users\/2"}],"replies":[{"embeddable":true,"href":"https:\/\/raicespr.com\/en\/wp-json\/wp\/v2\/comments?post=8065"}],"version-history":[{"count":2,"href":"https:\/\/raicespr.com\/en\/wp-json\/wp\/v2\/pages\/8065\/revisions"}],"predecessor-version":[{"id":8077,"href":"https:\/\/raicespr.com\/en\/wp-json\/wp\/v2\/pages\/8065\/revisions\/8077"}],"wp:attachment":[{"href":"https:\/\/raicespr.com\/en\/wp-json\/wp\/v2\/media?parent=8065"}],"curies":[{"name":"wp","href":"https:\/\/api.w.org\/{rel}","templated":true}]}}